{"id":11101,"date":"2021-10-26T12:08:03","date_gmt":"2021-10-26T10:08:03","guid":{"rendered":"https:\/\/www.hotelconventbegur.com\/rooms\/"},"modified":"2025-04-08T11:01:12","modified_gmt":"2025-04-08T09:01:12","slug":"habitacions","status":"publish","type":"page","link":"https:\/\/www.hotelconventbegur.com\/ca\/habitacions\/","title":{"rendered":"Habitacions"},"content":{"rendered":"[vc_row type=&#8221;in_container&#8221; full_screen_row_position=&#8221;middle&#8221; column_margin=&#8221;default&#8221; column_direction=&#8221;default&#8221; column_direction_tablet=&#8221;default&#8221; column_direction_phone=&#8221;default&#8221; scene_position=&#8221;center&#8221; text_color=&#8221;dark&#8221; text_align=&#8221;left&#8221; row_border_radius=&#8221;none&#8221; row_border_radius_applies=&#8221;bg&#8221; overlay_strength=&#8221;0.3&#8243; gradient_direction=&#8221;left_to_right&#8221; shape_divider_position=&#8221;bottom&#8221; bg_image_animation=&#8221;none&#8221;][vc_column column_padding=&#8221;no-extra-padding&#8221; column_padding_tablet=&#8221;inherit&#8221; column_padding_phone=&#8221;inherit&#8221; column_padding_position=&#8221;all&#8221; background_color_opacity=&#8221;1&#8243; background_hover_color_opacity=&#8221;1&#8243; column_shadow=&#8221;none&#8221; column_border_radius=&#8221;none&#8221; column_link_target=&#8221;_self&#8221; gradient_direction=&#8221;left_to_right&#8221; overlay_strength=&#8221;0.3&#8243; width=&#8221;1\/1&#8243; tablet_width_inherit=&#8221;default&#8221; tablet_text_alignment=&#8221;default&#8221; phone_text_alignment=&#8221;default&#8221; column_border_width=&#8221;none&#8221; column_border_style=&#8221;solid&#8221; bg_image_animation=&#8221;none&#8221;]<div  data-transition=\"slide\" data-overall_style=\"classic\" data-flexible-height=\"\" data-animate-in-effect=\"none\" data-fullscreen=\"true\" data-button-sizing=\"regular\" data-button-styling=\"btn_with_count\" data-autorotate=\"\" data-parallax=\"false\" data-parallax-disable-mobile=\"\" data-caption-trans=\"fade_in_from_bottom\" data-parallax-style=\"bg_only\" data-bg-animation=\"ken_burns\" data-full-width=\"true\" class=\"nectar-slider-wrap \" id=\"nectar-slider-instance-1\"><div class=\"swiper-container\"  data-tho=\"auto\" data-tco=\"auto\" data-pho=\"auto\" data-pco=\"auto\" data-loop=\"false\" data-height=\"650\" data-min-height=\"\" data-arrows=\"false\" data-bullets=\"false\" data-bullet_style=\"see_through\" data-bullet_position=\"bottom\" data-desktop-swipe=\"false\" data-settings=\"\"> <div class=\"swiper-wrapper\"><div class=\"swiper-slide\" data-desktop-content-width=\"auto\" data-tablet-content-width=\"auto\" data-bg-alignment=\"center\" data-color-scheme=\"light\" data-x-pos=\"left\" data-y-pos=\"middle\" ><div class=\"slide-bg-wrap\"><div class=\"image-bg\" style=\"background-image: url(https:\/\/www.hotelconventbegur.com\/wp-content\/uploads\/2022\/02\/convent_suite_la_torre1.jpg);\"> &nbsp; <\/div><\/div><div class=\"container\">\n\t\t\t\t\t\t<div class=\"content\"><h2>Habitacions<\/h2><p  ><span>Ambient \u00fanic<\/span><\/p><\/div>\n\t\t\t\t\t\t\t\t<\/div><!--\/container--><a href=\"#\" class=\"slider-down-arrow no-border\"><svg class=\"nectar-scroll-icon\" viewBox=\"0 0 30 45\" enable-background=\"new 0 0 30 45\">\n\t\t\t\t\t\t\t\t\t<path class=\"nectar-scroll-icon-path\" fill=\"none\" stroke=\"#ffffff\" stroke-width=\"2\" stroke-miterlimit=\"10\" d=\"M15,1.118c12.352,0,13.967,12.88,13.967,12.88v18.76  c0,0-1.514,11.204-13.967,11.204S0.931,32.966,0.931,32.966V14.05C0.931,14.05,2.648,1.118,15,1.118z\"><\/path>\n\t\t\t\t\t\t\t\t\t<\/svg><\/a><div class=\"video-texture \"> <span class=\"ie-fix\"><\/span> <\/div><\/div> <!--\/swiper-slide--><\/div><div class=\"nectar-slider-loading \"> <span class=\"loading-icon none\">   <\/span> <\/div> <\/div> \n\t\t\t\t\t\n\t\t\t\t\t<\/div>[\/vc_column][\/vc_row][vc_row type=&#8221;full_width_content&#8221; full_screen_row_position=&#8221;middle&#8221; column_margin=&#8221;default&#8221; equal_height=&#8221;yes&#8221; content_placement=&#8221;bottom&#8221; column_direction=&#8221;default&#8221; column_direction_tablet=&#8221;default&#8221; column_direction_phone=&#8221;default&#8221; bg_color=&#8221;#ffffff&#8221; scene_position=&#8221;center&#8221; text_color=&#8221;dark&#8221; text_align=&#8221;center&#8221; row_border_radius=&#8221;none&#8221; row_border_radius_applies=&#8221;bg&#8221; id=&#8221;your-hotel&#8221; color_overlay=&#8221;#ffffff&#8221; color_overlay_2=&#8221;#ffffff&#8221; overlay_strength=&#8221;0.5&#8243; gradient_direction=&#8221;left_to_right&#8221; shape_divider_position=&#8221;bottom&#8221; shape_divider_height=&#8221;350&#8243; bg_image_animation=&#8221;fade-in&#8221; parallax_bg=&#8221;true&#8221; parallax_bg_speed=&#8221;fast&#8221; shape_type=&#8221;mountains&#8221;][vc_column column_padding=&#8221;padding-3-percent&#8221; column_padding_tablet=&#8221;inherit&#8221; column_padding_phone=&#8221;inherit&#8221; column_padding_position=&#8221;all&#8221; background_color_opacity=&#8221;1&#8243; background_hover_color_opacity=&#8221;1&#8243; font_color=&#8221;#44443c&#8221; column_shadow=&#8221;none&#8221; column_border_radius=&#8221;none&#8221; column_link_target=&#8221;_self&#8221; gradient_direction=&#8221;left_to_right&#8221; overlay_strength=&#8221;0.3&#8243; width=&#8221;1\/1&#8243; tablet_width_inherit=&#8221;default&#8221; tablet_text_alignment=&#8221;default&#8221; phone_text_alignment=&#8221;default&#8221; column_border_width=&#8221;none&#8221; column_border_style=&#8221;solid&#8221; bg_image_animation=&#8221;none&#8221;][vc_text_separator title=&#8221;VEURE LES NOSTRES HABITACIONS&#8221; color=&#8221;custom&#8221; accent_color=&#8221;#9ed5cb&#8221;][\/vc_column][\/vc_row][vc_row type=&#8221;in_container&#8221; full_screen_row_position=&#8221;middle&#8221; column_margin=&#8221;default&#8221; column_direction=&#8221;default&#8221; column_direction_tablet=&#8221;default&#8221; column_direction_phone=&#8221;default&#8221; scene_position=&#8221;center&#8221; bottom_padding=&#8221;4%&#8221; text_color=&#8221;dark&#8221; text_align=&#8221;left&#8221; row_border_radius=&#8221;none&#8221; row_border_radius_applies=&#8221;bg&#8221; overlay_strength=&#8221;0.3&#8243; gradient_direction=&#8221;left_to_right&#8221; shape_divider_position=&#8221;bottom&#8221; bg_image_animation=&#8221;none&#8221; shape_type=&#8221;&#8221;][vc_column column_padding=&#8221;no-extra-padding&#8221; column_padding_tablet=&#8221;inherit&#8221; column_padding_phone=&#8221;inherit&#8221; column_padding_position=&#8221;all&#8221; background_color_opacity=&#8221;1&#8243; background_hover_color_opacity=&#8221;1&#8243; column_shadow=&#8221;none&#8221; column_border_radius=&#8221;none&#8221; column_link_target=&#8221;_self&#8221; gradient_direction=&#8221;left_to_right&#8221; overlay_strength=&#8221;0.3&#8243; width=&#8221;1\/1&#8243; tablet_width_inherit=&#8221;default&#8221; tablet_text_alignment=&#8221;default&#8221; phone_text_alignment=&#8221;default&#8221; column_border_width=&#8221;none&#8221; column_border_style=&#8221;solid&#8221; bg_image_animation=&#8221;none&#8221;][vc_column_text]\n<h6 style=\"text-align: justify;\"><span style=\"color: #808085;\">Diuen que les millors coses haurien de romandre sempre guardades en secret. No obstant aix\u00f2, El Convent de Begur \u00e9s un dels secrets m\u00e9s ben guardats de la Costa Brava i \u00e9s que descobrir-\u00e9s molt m\u00e9s senzill del que sembla.<\/span><\/h6>\n[\/vc_column_text][\/vc_column][\/vc_row][vc_row type=&#8221;in_container&#8221; full_screen_row_position=&#8221;middle&#8221; column_margin=&#8221;default&#8221; column_direction=&#8221;default&#8221; column_direction_tablet=&#8221;default&#8221; column_direction_phone=&#8221;default&#8221; scene_position=&#8221;center&#8221; top_padding=&#8221;0&#8243; bottom_padding=&#8221;4%&#8221; text_color=&#8221;dark&#8221; text_align=&#8221;center&#8221; row_border_radius=&#8221;none&#8221; row_border_radius_applies=&#8221;bg&#8221; id=&#8221;sleep&#8221; overlay_strength=&#8221;0.3&#8243; gradient_direction=&#8221;left_to_right&#8221; shape_divider_position=&#8221;bottom&#8221; bg_image_animation=&#8221;none&#8221; shape_type=&#8221;&#8221;][vc_column column_padding=&#8221;no-extra-padding&#8221; column_padding_tablet=&#8221;inherit&#8221; column_padding_phone=&#8221;inherit&#8221; column_padding_position=&#8221;all&#8221; centered_text=&#8221;true&#8221; background_color_opacity=&#8221;1&#8243; background_hover_color_opacity=&#8221;1&#8243; column_shadow=&#8221;none&#8221; column_border_radius=&#8221;none&#8221; column_link_target=&#8221;_self&#8221; gradient_direction=&#8221;left_to_right&#8221; overlay_strength=&#8221;0.3&#8243; width=&#8221;1\/2&#8243; tablet_width_inherit=&#8221;default&#8221; tablet_text_alignment=&#8221;default&#8221; phone_text_alignment=&#8221;default&#8221; column_border_width=&#8221;none&#8221; column_border_style=&#8221;solid&#8221; bg_image_animation=&#8221;none&#8221;][vc_column_text]\n<h2 style=\"text-align: left;\"><span style=\"color: #9ed5cb;\">La Torre<\/span><\/h2>\n[\/vc_column_text][vc_column_text]\n<h6 style=\"text-align: justify;\"><span style=\"color: #808085;\">Digna de reis i princeses, aquesta exclusiva habitaci\u00f3 est\u00e0 situada a l&#8217;antiga torre del convent. Es tracta d&#8217;una habitaci\u00f3 \u00fanica, reformada amb molt de gust i havent sabut cuidar tots i cadascun dels detalls.<\/span><\/h6>\n[\/vc_column_text][vc_row_inner equal_height=&#8221;yes&#8221; column_margin=&#8221;default&#8221; column_direction=&#8221;default&#8221; column_direction_tablet=&#8221;default&#8221; column_direction_phone=&#8221;default&#8221; text_align=&#8221;left&#8221;][vc_column_inner column_padding=&#8221;no-extra-padding&#8221; column_padding_tablet=&#8221;inherit&#8221; column_padding_phone=&#8221;inherit&#8221; column_padding_position=&#8221;left&#8221; background_color_opacity=&#8221;1&#8243; background_hover_color_opacity=&#8221;1&#8243; column_shadow=&#8221;none&#8221; column_border_radius=&#8221;none&#8221; column_link_target=&#8221;_self&#8221; gradient_direction=&#8221;left_to_right&#8221; overlay_strength=&#8221;0.3&#8243; width=&#8221;1\/1&#8243; tablet_width_inherit=&#8221;default&#8221; column_border_width=&#8221;none&#8221; column_border_style=&#8221;solid&#8221; bg_image_animation=&#8221;none&#8221;][vc_column_text]\n<h6 style=\"text-align: left;\"><strong><span style=\"color: #9ed5cb;\">Superf\u00edcie de l&#8217;habitaci\u00f3:<\/span> <\/strong>40 m2<\/h6>\n<h6 style=\"text-align: left;\"><strong><span style=\"color: #9ed5cb;\">Capacitat:<\/span> <\/strong>4 Adultes<\/h6>\n<h6 style=\"text-align: left;\"><strong><span style=\"color: #9ed5cb;\">Tipus de llit:\u00a0<\/span><\/strong> 1 llit de 1,80m.<\/h6>\n[\/vc_column_text][\/vc_column_inner][\/vc_row_inner][vc_column_text]\n<h6 style=\"text-align: left;\"><span style=\"color: #9ed5cb;\"><strong>Serveis inclosos:<\/strong><\/span><\/h6>\n<h6 style=\"text-align: left;\"><span style=\"color: #808085;\">\u00b7 Aire condicionat, calefacci\u00f3, s\u00f2l r\u00fastic, armari, bany privat, dutxa, mini bar<\/span><\/h6>\n<h6 style=\"text-align: left;\"><span style=\"color: #808085;\">\u00b7 Assecador de cabell, amenities, banyera d&#8217;hidromassatge, barnussos<\/span><\/h6>\n<h6 style=\"text-align: left;\"><span style=\"color: #808085;\">\u00b7 Sabatilles, tel\u00e8fon, escriptori, televisi\u00f3, Cafetera Nespresso, Wi-Fi gratu\u00eft i caixa forta.<\/span><\/h6>\n[\/vc_column_text][nectar_cta btn_style=&#8221;underline&#8221; heading_tag=&#8221;h6&#8243; text_color=&#8221;#9ed5cb&#8221; button_color=&#8221;default&#8221; button_color_hover=&#8221;#ffffff&#8221; link_type=&#8221;new_tab&#8221; alignment=&#8221;left&#8221; display=&#8221;block&#8221; link_text=&#8221;Reserves&#8221; url=&#8221;https:\/\/www.hotelconventbegur.com\/ca\/reserves\/&#8221;][\/vc_column][vc_column column_padding=&#8221;padding-1-percent&#8221; column_padding_tablet=&#8221;inherit&#8221; column_padding_phone=&#8221;inherit&#8221; column_padding_position=&#8221;left-right&#8221; background_color_opacity=&#8221;1&#8243; background_hover_color_opacity=&#8221;1&#8243; column_shadow=&#8221;none&#8221; column_border_radius=&#8221;none&#8221; column_link_target=&#8221;_self&#8221; gradient_direction=&#8221;left_to_right&#8221; overlay_strength=&#8221;0.3&#8243; width=&#8221;1\/2&#8243; tablet_width_inherit=&#8221;default&#8221; tablet_text_alignment=&#8221;default&#8221; phone_text_alignment=&#8221;default&#8221; column_border_width=&#8221;none&#8221; column_border_style=&#8221;solid&#8221; bg_image_animation=&#8221;none&#8221;][vc_gallery type=&#8221;nectarslider_style&#8221; images=&#8221;10334,10296&#8243; image_loading=&#8221;default&#8221; bullet_navigation_style=&#8221;see_through&#8221; onclick=&#8221;link_image&#8221;][\/vc_column][\/vc_row][vc_row type=&#8221;in_container&#8221; full_screen_row_position=&#8221;middle&#8221; column_margin=&#8221;default&#8221; column_direction=&#8221;default&#8221; column_direction_tablet=&#8221;default&#8221; column_direction_phone=&#8221;column_reverse&#8221; scene_position=&#8221;center&#8221; bottom_padding=&#8221;4%&#8221; text_color=&#8221;dark&#8221; text_align=&#8221;left&#8221; row_border_radius=&#8221;none&#8221; row_border_radius_applies=&#8221;bg&#8221; overlay_strength=&#8221;0.3&#8243; gradient_direction=&#8221;left_to_right&#8221; shape_divider_position=&#8221;bottom&#8221; bg_image_animation=&#8221;none&#8221; shape_type=&#8221;&#8221;][vc_column column_padding=&#8221;no-extra-padding&#8221; column_padding_tablet=&#8221;inherit&#8221; column_padding_phone=&#8221;padding-4-percent&#8221; column_padding_position=&#8221;all&#8221; centered_text=&#8221;true&#8221; background_color_opacity=&#8221;1&#8243; background_hover_color_opacity=&#8221;1&#8243; column_shadow=&#8221;none&#8221; column_border_radius=&#8221;none&#8221; column_link_target=&#8221;_self&#8221; gradient_direction=&#8221;left_to_right&#8221; overlay_strength=&#8221;0.3&#8243; width=&#8221;1\/2&#8243; tablet_width_inherit=&#8221;default&#8221; tablet_text_alignment=&#8221;default&#8221; phone_text_alignment=&#8221;default&#8221; column_border_width=&#8221;none&#8221; column_border_style=&#8221;solid&#8221; bg_image_animation=&#8221;none&#8221;][vc_gallery type=&#8221;nectarslider_style&#8221; images=&#8221;10326,11692&#8243; image_loading=&#8221;default&#8221; disable_auto_rotate=&#8221;true&#8221; bullet_navigation_style=&#8221;see_through&#8221; onclick=&#8221;link_image&#8221;][\/vc_column][vc_column column_padding=&#8221;padding-1-percent&#8221; column_padding_tablet=&#8221;inherit&#8221; column_padding_phone=&#8221;inherit&#8221; column_padding_position=&#8221;left-right&#8221; centered_text=&#8221;true&#8221; background_color_opacity=&#8221;1&#8243; background_hover_color_opacity=&#8221;1&#8243; column_shadow=&#8221;none&#8221; column_border_radius=&#8221;none&#8221; column_link_target=&#8221;_self&#8221; gradient_direction=&#8221;left_to_right&#8221; overlay_strength=&#8221;0.3&#8243; width=&#8221;1\/2&#8243; tablet_width_inherit=&#8221;default&#8221; tablet_text_alignment=&#8221;default&#8221; phone_text_alignment=&#8221;default&#8221; column_border_width=&#8221;none&#8221; column_border_style=&#8221;solid&#8221; bg_image_animation=&#8221;none&#8221;][vc_column_text]\n<h2 style=\"text-align: left;\"><span style=\"color: #9ed5cb;\">Suite <\/span><span style=\"color: #9ed5cb;\">J\u00fanior\u00a0<\/span><\/h2>\n[\/vc_column_text][vc_column_text]\n<h6 style=\"text-align: justify;\"><span style=\"color: #808085;\">Entre les parets d&#8217;aquesta magn\u00edfica habitaci\u00f3 amb jacuzzi experimentar\u00e0s l&#8217;aut\u00e8ntic luxe barrejat amb la sensaci\u00f3 de dormir entre murs centenaris.<\/span><\/h6>\n<h6 style=\"text-align: justify;\"><span style=\"color: #808085;\">Les habitacions Junior Suite s\u00f3n habitacions exclusives, molt \u00e0mplies i amb una zona amb un jacuzzi exclusiva. Disposen de vista sobre els jardins de l&#8217;hotel i l&#8217;espectacular entorn natural de pins i xiprers. Les Junior Suite s\u00f3n habitacions \u00e0mplies i acollidores i disposen de totes les comoditats, oferint una estada tranquil\u00b7la i d&#8217;all\u00f2 m\u00e9s relaxant.<\/span><\/h6>\n[\/vc_column_text][vc_row_inner column_margin=&#8221;default&#8221; column_direction=&#8221;default&#8221; column_direction_tablet=&#8221;default&#8221; column_direction_phone=&#8221;default&#8221; text_align=&#8221;left&#8221;][vc_column_inner column_padding=&#8221;no-extra-padding&#8221; column_padding_tablet=&#8221;inherit&#8221; column_padding_phone=&#8221;inherit&#8221; column_padding_position=&#8221;all&#8221; background_color_opacity=&#8221;1&#8243; background_hover_color_opacity=&#8221;1&#8243; column_shadow=&#8221;none&#8221; column_border_radius=&#8221;none&#8221; column_link_target=&#8221;_self&#8221; gradient_direction=&#8221;left_to_right&#8221; overlay_strength=&#8221;0.3&#8243; width=&#8221;1\/1&#8243; tablet_width_inherit=&#8221;default&#8221; column_border_width=&#8221;none&#8221; column_border_style=&#8221;solid&#8221; bg_image_animation=&#8221;none&#8221;][vc_column_text]\n<h6 style=\"text-align: left;\"><strong><span style=\"color: #9ed5cb;\">Superf\u00edcie de l&#8217;habitaci\u00f3:<\/span> <\/strong>22-25 m2<\/h6>\n<h6 style=\"text-align: left;\"><strong><span style=\"color: #9ed5cb;\">Capacitat:<\/span> 3<\/strong>\u00a0Adultes<\/h6>\n<h6 style=\"text-align: left;\"><strong><span style=\"color: #9ed5cb;\">Tipus de llit: <\/span><\/strong>llit de matrimoni 1,80m.<\/h6>\n[\/vc_column_text][\/vc_column_inner][\/vc_row_inner][vc_column_text]\n<h6 style=\"text-align: left;\"><span style=\"color: #9ed5cb;\"><strong>Serveis inclosos:<\/strong><\/span><\/h6>\n<h6 style=\"text-align: left;\"><span style=\"color: #808085;\">\u00b7 Aire condicionat, calefacci\u00f3, s\u00f2l r\u00fastic, armari, bany privat,, mini bar<\/span><\/h6>\n<h6 style=\"text-align: left;\"><span style=\"color: #808085;\">\u00b7 Assecador de cabell, amenities, banyera d&#8217;hidromassatge, barnussos, sabatilles, tel\u00e8fon<\/span><\/h6>\n<h6 style=\"text-align: left;\"><span style=\"color: #808085;\">\u00b7 Cafetera Nespresso, escriptori, televisi\u00f3, Wi-Fi gratu\u00eft i caixa forta.<\/span><\/h6>\n[\/vc_column_text][nectar_cta btn_style=&#8221;underline&#8221; heading_tag=&#8221;h6&#8243; text_color=&#8221;#9ed5cb&#8221; button_color=&#8221;default&#8221; button_color_hover=&#8221;#ffffff&#8221; link_type=&#8221;new_tab&#8221; alignment=&#8221;left&#8221; display=&#8221;block&#8221; link_text=&#8221;Reserves&#8221; url=&#8221;https:\/\/www.hotelconventbegur.com\/ca\/reserves\/&#8221;][\/vc_column][\/vc_row][vc_row type=&#8221;in_container&#8221; full_screen_row_position=&#8221;middle&#8221; column_margin=&#8221;default&#8221; column_direction=&#8221;default&#8221; column_direction_tablet=&#8221;default&#8221; column_direction_phone=&#8221;default&#8221; scene_position=&#8221;center&#8221; bottom_padding=&#8221;4%&#8221; text_color=&#8221;dark&#8221; text_align=&#8221;left&#8221; row_border_radius=&#8221;none&#8221; row_border_radius_applies=&#8221;bg&#8221; overlay_strength=&#8221;0.3&#8243; gradient_direction=&#8221;left_to_right&#8221; shape_divider_position=&#8221;bottom&#8221; bg_image_animation=&#8221;none&#8221; shape_type=&#8221;&#8221;][vc_column column_padding=&#8221;no-extra-padding&#8221; column_padding_tablet=&#8221;inherit&#8221; column_padding_phone=&#8221;no-extra-padding&#8221; column_padding_position=&#8221;all&#8221; centered_text=&#8221;true&#8221; background_color_opacity=&#8221;1&#8243; background_hover_color_opacity=&#8221;1&#8243; column_shadow=&#8221;none&#8221; column_border_radius=&#8221;none&#8221; column_link_target=&#8221;_self&#8221; gradient_direction=&#8221;left_to_right&#8221; overlay_strength=&#8221;0.3&#8243; width=&#8221;1\/2&#8243; tablet_width_inherit=&#8221;default&#8221; tablet_text_alignment=&#8221;default&#8221; phone_text_alignment=&#8221;default&#8221; column_border_width=&#8221;none&#8221; column_border_style=&#8221;solid&#8221; bg_image_animation=&#8221;none&#8221;][vc_column_text]\n<h2 style=\"text-align: left;\"><span style=\"color: #9ed5cb;\">Doble Deluxe<\/span><\/h2>\n[\/vc_column_text][vc_column_text]\n<h6 style=\"text-align: left;\"><span style=\"color: #808085;\">Gaudeix de vista sobre els jardins d&#8217;un dels millors hotels de Begur. T\u00e9 una orientaci\u00f3 i prestacions magn\u00edfiques i poden allotjar-s&#8217;hi fins a tres persones adultes.<\/span><\/h6>\n<h6 style=\"text-align: left;\"><span style=\"color: #808085;\">Habitaci\u00f3 Deluxe amb estil modern i elegant per al viatger m\u00e9s exigent conservant, aix\u00f2 s\u00ed, els s\u00f2ls inicials que al seu dia van ser un convent.<\/span><\/h6>\n<h6 style=\"text-align: left;\"><span style=\"color: #808085;\">Aquestes habitacions s\u00f3n \u00e0mplies i lluminoses, decorades amb tons verds i blancs per potenciar la sensaci\u00f3 de calidesa i confort. Disposen de vistes sobre els jardins de l&#8217;hotel, a la piscina i a l&#8217;espectacular entorn natural de pins i xiprers. Aquestes habitacions conviden a la tranquil\u00b7litat i a la desconnexi\u00f3 i, cadascuna d&#8217;elles, t\u00e9 detalls que la fan \u00fanica.<\/span><\/h6>\n[\/vc_column_text][vc_row_inner column_margin=&#8221;default&#8221; column_direction=&#8221;default&#8221; column_direction_tablet=&#8221;default&#8221; column_direction_phone=&#8221;default&#8221; text_align=&#8221;left&#8221;][vc_column_inner column_padding=&#8221;no-extra-padding&#8221; column_padding_tablet=&#8221;inherit&#8221; column_padding_phone=&#8221;inherit&#8221; column_padding_position=&#8221;all&#8221; background_color_opacity=&#8221;1&#8243; background_hover_color_opacity=&#8221;1&#8243; column_shadow=&#8221;none&#8221; column_border_radius=&#8221;none&#8221; column_link_target=&#8221;_self&#8221; gradient_direction=&#8221;left_to_right&#8221; overlay_strength=&#8221;0.3&#8243; width=&#8221;1\/1&#8243; tablet_width_inherit=&#8221;default&#8221; column_border_width=&#8221;none&#8221; column_border_style=&#8221;solid&#8221; bg_image_animation=&#8221;none&#8221;][vc_column_text]\n<h6 style=\"text-align: left;\"><strong><span style=\"color: #9ed5cb;\">Superf\u00edcie de l&#8217;habitaci\u00f3:<\/span> <\/strong>18-20 m2<\/h6>\n<h6 style=\"text-align: left;\"><strong><span style=\"color: #9ed5cb;\">Capacitat:<\/span> 2-3 <\/strong>Adultes<\/h6>\n<h6 style=\"text-align: left;\"><strong><span style=\"color: #9ed5cb;\">Tipus de llit: <\/span><\/strong>1 llit doble de 1.50 m \/ 2 llits junts de 0.90 m.<\/h6>\n[\/vc_column_text][\/vc_column_inner][\/vc_row_inner][vc_column_text]\n<h6 style=\"text-align: left;\"><span style=\"color: #9ed5cb;\"><strong>Serveis inclosos:<\/strong><\/span><\/h6>\n<h6 style=\"text-align: left;\"><span style=\"color: #808085;\">\u00b7 Aire condicionat, calefacci\u00f3, s\u00f2l r\u00fastic, armari, bany privat, dutxa \/ Banyera<\/span><\/h6>\n<h6 style=\"text-align: left;\"><span style=\"color: #808085;\">\u00b7 Mini bar, assecador de cabell, amenities, tel\u00e8fon, escriptori<\/span><\/h6>\n<h6 style=\"text-align: left;\"><span style=\"color: #808085;\">\u00b7 Televisi\u00f3, cafetera Nespresso, Wi-Fi gratu\u00eft i caixa forta.<\/span><\/h6>\n[\/vc_column_text][nectar_cta btn_style=&#8221;underline&#8221; heading_tag=&#8221;h6&#8243; text_color=&#8221;#9ed5cb&#8221; button_color=&#8221;default&#8221; button_color_hover=&#8221;#ffffff&#8221; link_type=&#8221;new_tab&#8221; alignment=&#8221;left&#8221; display=&#8221;block&#8221; link_text=&#8221;Reserves&#8221; url=&#8221;https:\/\/www.hotelconventbegur.com\/ca\/reserves\/&#8221;][\/vc_column][vc_column column_padding=&#8221;padding-1-percent&#8221; column_padding_tablet=&#8221;inherit&#8221; column_padding_phone=&#8221;inherit&#8221; column_padding_position=&#8221;left-right&#8221; centered_text=&#8221;true&#8221; background_color_opacity=&#8221;1&#8243; background_hover_color_opacity=&#8221;1&#8243; column_shadow=&#8221;none&#8221; column_border_radius=&#8221;none&#8221; column_link_target=&#8221;_self&#8221; gradient_direction=&#8221;left_to_right&#8221; overlay_strength=&#8221;0.3&#8243; width=&#8221;1\/2&#8243; tablet_width_inherit=&#8221;default&#8221; tablet_text_alignment=&#8221;default&#8221; phone_text_alignment=&#8221;default&#8221; column_border_width=&#8221;none&#8221; column_border_style=&#8221;solid&#8221; bg_image_animation=&#8221;none&#8221;][vc_gallery type=&#8221;nectarslider_style&#8221; images=&#8221;10298,10328&#8243; image_loading=&#8221;default&#8221; disable_auto_rotate=&#8221;true&#8221; bullet_navigation_style=&#8221;see_through&#8221; onclick=&#8221;link_image&#8221;][\/vc_column][\/vc_row][vc_row type=&#8221;in_container&#8221; full_screen_row_position=&#8221;middle&#8221; column_margin=&#8221;default&#8221; column_direction=&#8221;default&#8221; column_direction_tablet=&#8221;default&#8221; column_direction_phone=&#8221;column_reverse&#8221; scene_position=&#8221;center&#8221; bottom_padding=&#8221;4%&#8221; text_color=&#8221;dark&#8221; text_align=&#8221;left&#8221; row_border_radius=&#8221;none&#8221; row_border_radius_applies=&#8221;bg&#8221; overlay_strength=&#8221;0.3&#8243; gradient_direction=&#8221;left_to_right&#8221; shape_divider_position=&#8221;bottom&#8221; bg_image_animation=&#8221;none&#8221; shape_type=&#8221;&#8221;][vc_column column_padding=&#8221;no-extra-padding&#8221; column_padding_tablet=&#8221;inherit&#8221; column_padding_phone=&#8221;padding-4-percent&#8221; column_padding_position=&#8221;all&#8221; background_color_opacity=&#8221;1&#8243; background_hover_color_opacity=&#8221;1&#8243; column_shadow=&#8221;none&#8221; column_border_radius=&#8221;none&#8221; column_link_target=&#8221;_self&#8221; gradient_direction=&#8221;left_to_right&#8221; overlay_strength=&#8221;0.3&#8243; width=&#8221;1\/2&#8243; tablet_width_inherit=&#8221;default&#8221; tablet_text_alignment=&#8221;default&#8221; phone_text_alignment=&#8221;default&#8221; column_border_width=&#8221;none&#8221; column_border_style=&#8221;solid&#8221; bg_image_animation=&#8221;none&#8221;][vc_gallery type=&#8221;nectarslider_style&#8221; images=&#8221;10306,10304&#8243; image_loading=&#8221;default&#8221; disable_auto_rotate=&#8221;true&#8221; bullet_navigation_style=&#8221;see_through&#8221; onclick=&#8221;link_image&#8221;][\/vc_column][vc_column column_padding=&#8221;padding-1-percent&#8221; column_padding_tablet=&#8221;inherit&#8221; column_padding_phone=&#8221;inherit&#8221; column_padding_position=&#8221;left-right&#8221; background_color_opacity=&#8221;1&#8243; background_hover_color_opacity=&#8221;1&#8243; column_shadow=&#8221;none&#8221; column_border_radius=&#8221;none&#8221; column_link_target=&#8221;_self&#8221; gradient_direction=&#8221;left_to_right&#8221; overlay_strength=&#8221;0.3&#8243; width=&#8221;1\/2&#8243; tablet_width_inherit=&#8221;default&#8221; tablet_text_alignment=&#8221;default&#8221; phone_text_alignment=&#8221;default&#8221; column_border_width=&#8221;none&#8221; column_border_style=&#8221;solid&#8221; bg_image_animation=&#8221;none&#8221;][vc_column_text]\n<h2 style=\"text-align: left;\"><span style=\"color: #9ed5cb;\">Doble Est\u00e0ndard\u00a0<\/span><\/h2>\n[\/vc_column_text][vc_column_text]\n<h6 style=\"text-align: justify;\"><span style=\"color: #808085;\">\u00c9s l&#8217;habitaci\u00f3 m\u00e9s fresca de l&#8217;estiu gr\u00e0cies a la seva orientaci\u00f3, per la qual cosa \u00e9s id\u00f2nia per viure una experi\u00e8ncia a la Costa Brava en companyia. Els seus colors la fan acollidora i c\u00e0lida i ofereix m\u00e9s del que puguis arribar a necessitar.<\/span><\/h6>\n<h6 style=\"text-align: justify;\"><span style=\"color: #808085;\">Habitaci\u00f3 doble est\u00e0ndard amb estil cl\u00e0ssic i elegant. Habitacions fresques, decorades amb tons negres i blancs mantenen l&#8217;immobiliari conservador de l&#8217;antic convent. Donen a la part lateral de l&#8217;edifici i tenen finestres exteriors amb vistes al mur vegetal i l&#8217;entorn natural de l&#8217;hotel, la temperatura converteix aquestes estances en les m\u00e9s fresques a l&#8217;estiu.<\/span><\/h6>\n[\/vc_column_text][vc_row_inner column_margin=&#8221;default&#8221; column_direction=&#8221;default&#8221; column_direction_tablet=&#8221;default&#8221; column_direction_phone=&#8221;default&#8221; text_align=&#8221;left&#8221;][vc_column_inner column_padding=&#8221;no-extra-padding&#8221; column_padding_tablet=&#8221;inherit&#8221; column_padding_phone=&#8221;inherit&#8221; column_padding_position=&#8221;all&#8221; background_color_opacity=&#8221;1&#8243; background_hover_color_opacity=&#8221;1&#8243; column_shadow=&#8221;none&#8221; column_border_radius=&#8221;none&#8221; column_link_target=&#8221;_self&#8221; gradient_direction=&#8221;left_to_right&#8221; overlay_strength=&#8221;0.3&#8243; width=&#8221;1\/1&#8243; tablet_width_inherit=&#8221;default&#8221; column_border_width=&#8221;none&#8221; column_border_style=&#8221;solid&#8221; bg_image_animation=&#8221;none&#8221;][vc_column_text]\n<h6 style=\"text-align: left;\"><strong><span style=\"color: #9ed5cb;\">Superf\u00edcie de l&#8217;habitaci\u00f3:<\/span> <\/strong>14-16 m2<\/h6>\n<h6 style=\"text-align: left;\"><strong><span style=\"color: #9ed5cb;\">Capacitat:<\/span> 2 <\/strong>Adultes<\/h6>\n<h6 style=\"text-align: left;\"><strong><span style=\"color: #9ed5cb;\">Tipus de llit: <\/span><\/strong>1 llit doble de 1.50 m \/ 2 llits junts de 0.90 m.<\/h6>\n[\/vc_column_text][\/vc_column_inner][\/vc_row_inner][vc_column_text]\n<h6 style=\"text-align: left;\"><span style=\"color: #9ed5cb;\"><strong>Serveis inclosos:<\/strong><\/span><\/h6>\n<h6 style=\"text-align: left;\"><span style=\"color: #808085;\">\u00b7 Aire condicionat, calefacci\u00f3, s\u00f2l r\u00fastic, armari, bany privat, dutxa \/ Banyera<\/span><\/h6>\n<h6 style=\"text-align: left;\"><span style=\"color: #808085;\">\u00b7 Mini bar, assecador de cabell, amenities, tel\u00e8fon, escriptori<\/span><\/h6>\n<h6 style=\"text-align: left;\"><span style=\"color: #808085;\">\u00b7 Televisi\u00f3, Cafetera Nesspresso, Wi-Fi gratu\u00eft i caixa forta.<\/span><\/h6>\n[\/vc_column_text][nectar_cta btn_style=&#8221;underline&#8221; heading_tag=&#8221;h6&#8243; text_color=&#8221;#9ed5cb&#8221; button_color=&#8221;default&#8221; button_color_hover=&#8221;#ffffff&#8221; link_type=&#8221;new_tab&#8221; alignment=&#8221;left&#8221; display=&#8221;block&#8221; link_text=&#8221;Reserves&#8221; url=&#8221;https:\/\/www.hotelconventbegur.com\/ca\/reserves\/&#8221;][\/vc_column][\/vc_row][vc_row type=&#8221;in_container&#8221; full_screen_row_position=&#8221;middle&#8221; column_margin=&#8221;default&#8221; column_direction=&#8221;default&#8221; column_direction_tablet=&#8221;default&#8221; column_direction_phone=&#8221;default&#8221; scene_position=&#8221;center&#8221; text_color=&#8221;dark&#8221; text_align=&#8221;left&#8221; row_border_radius=&#8221;none&#8221; row_border_radius_applies=&#8221;bg&#8221; overlay_strength=&#8221;0.3&#8243; gradient_direction=&#8221;left_to_right&#8221; shape_divider_position=&#8221;bottom&#8221; bg_image_animation=&#8221;none&#8221;][vc_column column_padding=&#8221;padding-1-percent&#8221; column_padding_tablet=&#8221;inherit&#8221; column_padding_phone=&#8221;inherit&#8221; column_padding_position=&#8221;left-right&#8221; background_color_opacity=&#8221;1&#8243; background_hover_color_opacity=&#8221;1&#8243; column_shadow=&#8221;none&#8221; column_border_radius=&#8221;none&#8221; column_link_target=&#8221;_self&#8221; gradient_direction=&#8221;left_to_right&#8221; overlay_strength=&#8221;0.3&#8243; width=&#8221;1\/2&#8243; tablet_width_inherit=&#8221;default&#8221; tablet_text_alignment=&#8221;default&#8221; phone_text_alignment=&#8221;default&#8221; column_border_width=&#8221;none&#8221; column_border_style=&#8221;solid&#8221; bg_image_animation=&#8221;none&#8221;][vc_column_text]\n<h2 style=\"text-align: left;\"><span style=\"color: #9ed5cb;\">Bungalow<\/span><\/h2>\n[\/vc_column_text][vc_column_text]\n<h6 style=\"text-align: left;\"><span style=\"color: #808085;\">Ubicades als jardins de l&#8217;hotel amb vistes a la riera i un immillorable entorn natural. Una estada molt especial per viure una experi\u00e8ncia \u00fanica a Begur.<br \/>\nLes habitacions del jard\u00ed s\u00f3n c\u00f2modes i espaiosos bungalows que combinen a la perfecci\u00f3 el confort de l&#8217;estil r\u00fastic amb un modern equipament i confort. Disposen d\u00b4una sortida exterior privada, on despr\u00e9s d\u00b4un intens dia de turisme o de platja podeu relaxar-vos amb les meravelloses vistes a la riera ia l\u00b4entorn natural.<br \/>\nI \u00e9s que la seva situaci\u00f3 les fa \u00faniques i exclusives situant-se a la part m\u00e9s profunda dels nostres immensos jardins; conviden a la total tranquil\u00b7litat ia la desconnexi\u00f3. S\u00f3n molt acollidores gr\u00e0cies a la combinaci\u00f3 perfecta de detalls \u00fanics i la calidesa de la fusta.<\/span><\/h6>\n[\/vc_column_text][vc_column_text]\n<h6 style=\"text-align: left;\"><strong><span style=\"color: #9ed5cb;\">Superf\u00edcie de l&#8217;habitaci\u00f3:<\/span> 25 <\/strong>m2<\/h6>\n<h6 style=\"text-align: left;\"><strong><span style=\"color: #9ed5cb;\">Capacitat:<\/span> 2 <\/strong>Adultes<\/h6>\n<h6 style=\"text-align: left;\"><strong><span style=\"color: #9ed5cb;\">Tipus de llit:<\/span>1 llit doble de 1.50 m<\/strong><\/h6>\n[\/vc_column_text][vc_column_text]\n<h6 style=\"text-align: left;\"><span style=\"color: #9ed5cb;\"><strong>Serveis inclosos:<\/strong><\/span><\/h6>\n<h6 style=\"text-align: left;\"><span style=\"color: #808085;\">\u00b7 Aire condicionat, calefacci\u00f3, Parquet, armari, bany privat, dutxa<\/span><\/h6>\n<h6 style=\"text-align: left;\"><span style=\"color: #808085;\">\u00b7 Mini bar, amenities, tel\u00e8fon,\u00a0<\/span><\/h6>\n<h6 style=\"text-align: left;\"><span style=\"color: #808085;\">\u00b7 Televisi\u00f3, Cafetera Nesspresso, Wi-Fi gratu\u00eft i caixa forta.<\/span><\/h6>\n[\/vc_column_text][nectar_cta btn_style=&#8221;underline&#8221; heading_tag=&#8221;h6&#8243; text_color=&#8221;#9ed5cb&#8221; button_color=&#8221;default&#8221; button_color_hover=&#8221;#ffffff&#8221; link_type=&#8221;new_tab&#8221; alignment=&#8221;left&#8221; display=&#8221;block&#8221; link_text=&#8221;Reserves&#8221; url=&#8221;https:\/\/www.hotelconventbegur.com\/ca\/reserves\/&#8221;][\/vc_column][vc_column column_padding=&#8221;no-extra-padding&#8221; column_padding_tablet=&#8221;inherit&#8221; column_padding_phone=&#8221;inherit&#8221; column_padding_position=&#8221;all&#8221; background_color_opacity=&#8221;1&#8243; background_hover_color_opacity=&#8221;1&#8243; column_shadow=&#8221;none&#8221; column_border_radius=&#8221;none&#8221; column_link_target=&#8221;_self&#8221; gradient_direction=&#8221;left_to_right&#8221; overlay_strength=&#8221;0.3&#8243; width=&#8221;1\/2&#8243; tablet_width_inherit=&#8221;default&#8221; tablet_text_alignment=&#8221;default&#8221; phone_text_alignment=&#8221;default&#8221; column_border_width=&#8221;none&#8221; column_border_style=&#8221;solid&#8221; bg_image_animation=&#8221;none&#8221;][vc_gallery type=&#8221;nectarslider_style&#8221; images=&#8221;11462,11466,11470,11474,11478,11482,11486,11490,11494&#8243; image_loading=&#8221;default&#8221; disable_auto_rotate=&#8221;true&#8221; bullet_navigation_style=&#8221;see_through&#8221; onclick=&#8221;link_image&#8221;][\/vc_column][\/vc_row][vc_row type=&#8221;in_container&#8221; full_screen_row_position=&#8221;middle&#8221; column_margin=&#8221;default&#8221; column_direction=&#8221;default&#8221; column_direction_tablet=&#8221;default&#8221; column_direction_phone=&#8221;column_reverse&#8221; scene_position=&#8221;center&#8221; bottom_padding=&#8221;4%&#8221; text_color=&#8221;dark&#8221; text_align=&#8221;left&#8221; row_border_radius=&#8221;none&#8221; row_border_radius_applies=&#8221;bg&#8221; overlay_strength=&#8221;0.3&#8243; gradient_direction=&#8221;left_to_right&#8221; shape_divider_position=&#8221;bottom&#8221; bg_image_animation=&#8221;none&#8221; shape_type=&#8221;&#8221;][vc_column column_padding=&#8221;no-extra-padding&#8221; column_padding_tablet=&#8221;inherit&#8221; column_padding_phone=&#8221;inherit&#8221; column_padding_position=&#8221;all&#8221; top_margin_phone=&#8221;4&#8243; background_color_opacity=&#8221;1&#8243; background_hover_color_opacity=&#8221;1&#8243; column_shadow=&#8221;none&#8221; column_border_radius=&#8221;none&#8221; column_link_target=&#8221;_self&#8221; gradient_direction=&#8221;left_to_right&#8221; overlay_strength=&#8221;0.3&#8243; width=&#8221;1\/2&#8243; tablet_width_inherit=&#8221;default&#8221; tablet_text_alignment=&#8221;default&#8221; phone_text_alignment=&#8221;default&#8221; column_border_width=&#8221;none&#8221; column_border_style=&#8221;solid&#8221; bg_image_animation=&#8221;none&#8221;][vc_gallery type=&#8221;nectarslider_style&#8221; images=&#8221;10310,10308&#8243; image_loading=&#8221;default&#8221; disable_auto_rotate=&#8221;true&#8221; bullet_navigation_style=&#8221;see_through&#8221; onclick=&#8221;link_image&#8221;][\/vc_column][vc_column column_padding=&#8221;padding-1-percent&#8221; column_padding_tablet=&#8221;inherit&#8221; column_padding_phone=&#8221;inherit&#8221; column_padding_position=&#8221;left-right&#8221; background_color_opacity=&#8221;1&#8243; background_hover_color_opacity=&#8221;1&#8243; column_shadow=&#8221;none&#8221; column_border_radius=&#8221;none&#8221; column_link_target=&#8221;_self&#8221; gradient_direction=&#8221;left_to_right&#8221; overlay_strength=&#8221;0.3&#8243; width=&#8221;1\/2&#8243; tablet_width_inherit=&#8221;default&#8221; tablet_text_alignment=&#8221;default&#8221; phone_text_alignment=&#8221;default&#8221; column_border_width=&#8221;none&#8221; column_border_style=&#8221;solid&#8221; bg_image_animation=&#8221;none&#8221;][vc_column_text]\n<h2 style=\"text-align: left;\"><span style=\"color: #9ed5cb;\">Doble Petita<\/span><\/h2>\n[\/vc_column_text][vc_column_text]\n<h6 style=\"text-align: left;\"><span style=\"color: #808085;\">Habitacions fresques a l&#8217;estiu i c\u00e0lides en mesos de primavera i tardor per la seva ubicaci\u00f3 dins el convent. Juntament amb la decoraci\u00f3 creen un conjunt ideal per gaudir d&#8217;aquest lloc tan m\u00e0gic i diferent.\u00a0<\/span><\/h6>\n<h6 style=\"text-align: left;\"><span style=\"color: #808085;\">Habitaci\u00f3 petita amb estil cl\u00e0ssic i senzill, conserva l&#8217;esperit de les cel\u00b7les originals de l&#8217;antic convent tenint en compte totes les necessitats dels nostres hostes. Aquestes habitacions decorades amb tons beige i blancs amb l&#8217;immobiliari original, donen a la part lateral de l&#8217;edifici i tenen finestres exteriors amb vistes al mur vegetal. Aquestes habitacions es troben situades al hall de l&#8217;hotel, a l&#8217;entrada principal de l&#8217;antic convent.<\/span><\/h6>\n[\/vc_column_text][vc_row_inner column_margin=&#8221;default&#8221; column_direction=&#8221;default&#8221; column_direction_tablet=&#8221;default&#8221; column_direction_phone=&#8221;default&#8221; text_align=&#8221;left&#8221;][vc_column_inner column_padding=&#8221;no-extra-padding&#8221; column_padding_tablet=&#8221;inherit&#8221; column_padding_phone=&#8221;inherit&#8221; column_padding_position=&#8221;all&#8221; background_color_opacity=&#8221;1&#8243; background_hover_color_opacity=&#8221;1&#8243; column_shadow=&#8221;none&#8221; column_border_radius=&#8221;none&#8221; column_link_target=&#8221;_self&#8221; gradient_direction=&#8221;left_to_right&#8221; overlay_strength=&#8221;0.3&#8243; width=&#8221;1\/1&#8243; tablet_width_inherit=&#8221;default&#8221; column_border_width=&#8221;none&#8221; column_border_style=&#8221;solid&#8221; bg_image_animation=&#8221;none&#8221;][vc_column_text]\n<h6 style=\"text-align: left;\"><strong><span style=\"color: #9ed5cb;\">Superf\u00edcie de l&#8217;habitaci\u00f3:<\/span> 13-15 <\/strong>m2<\/h6>\n<h6 style=\"text-align: left;\"><strong><span style=\"color: #9ed5cb;\">Capacitat:<\/span> 2 <\/strong>Adultes<\/h6>\n<h6 style=\"text-align: left;\"><strong><span style=\"color: #9ed5cb;\">Tipus de llit: <\/span><\/strong>1 llit doble de 1.30 m \/ 1.50m<\/h6>\n[\/vc_column_text][\/vc_column_inner][\/vc_row_inner][vc_column_text]\n<h6 style=\"text-align: left;\"><span style=\"color: #9ed5cb;\"><strong>Serveis inclosos:<\/strong><\/span><\/h6>\n<h6 style=\"text-align: left;\"><span style=\"color: #808085;\">\u00b7 Aire condicionat, calefacci\u00f3, s\u00f2l r\u00fastic, armari, bany privat, dutxa<\/span><\/h6>\n<h6 style=\"text-align: left;\"><span style=\"color: #808085;\">\u00b7 Mini bar,\u00a0 amenities, tel\u00e8fon, escriptori<\/span><\/h6>\n<h6 style=\"text-align: left;\"><span style=\"color: #808085;\">\u00b7 Televisi\u00f3, cafetera Nesspresso, Wi-Fi gratu\u00eft i caixa forta.<\/span><\/h6>\n[\/vc_column_text][nectar_cta btn_style=&#8221;underline&#8221; heading_tag=&#8221;h6&#8243; text_color=&#8221;#9ed5cb&#8221; button_color=&#8221;default&#8221; button_color_hover=&#8221;#ffffff&#8221; link_type=&#8221;new_tab&#8221; alignment=&#8221;left&#8221; display=&#8221;block&#8221; link_text=&#8221;Reserves&#8221; url=&#8221;https:\/\/www.hotelconventbegur.com\/ca\/reserves\/&#8221;][\/vc_column][\/vc_row]\n","protected":false},"excerpt":{"rendered":"<p>[vc_row type=&#8221;in_container&#8221; full_screen_row_position=&#8221;middle&#8221; column_margin=&#8221;default&#8221; column_direction=&#8221;default&#8221; column_direction_tablet=&#8221;default&#8221; column_direction_phone=&#8221;default&#8221; scene_position=&#8221;center&#8221; text_color=&#8221;dark&#8221; text_align=&#8221;left&#8221; row_border_radius=&#8221;none&#8221; row_border_radius_applies=&#8221;bg&#8221; overlay_strength=&#8221;0.3&#8243; gradient_direction=&#8221;left_to_right&#8221; shape_divider_position=&#8221;bottom&#8221; bg_image_animation=&#8221;none&#8221;][vc_column column_padding=&#8221;no-extra-padding&#8221; column_padding_tablet=&#8221;inherit&#8221; column_padding_phone=&#8221;inherit&#8221; column_padding_position=&#8221;all&#8221; background_color_opacity=&#8221;1&#8243; background_hover_color_opacity=&#8221;1&#8243; column_shadow=&#8221;none&#8221; column_border_radius=&#8221;none&#8221; column_link_target=&#8221;_self&#8221; gradient_direction=&#8221;left_to_right&#8221; overlay_strength=&#8221;0.3&#8243; width=&#8221;1\/1&#8243; tablet_width_inherit=&#8221;default&#8221; tablet_text_alignment=&#8221;default&#8221;&#8230;<\/p>\n","protected":false},"author":3,"featured_media":0,"parent":0,"menu_order":0,"comment_status":"closed","ping_status":"closed","template":"","meta":{"_joinchat":[]},"_links":{"self":[{"href":"https:\/\/www.hotelconventbegur.com\/ca\/wp-json\/wp\/v2\/pages\/11101"}],"collection":[{"href":"https:\/\/www.hotelconventbegur.com\/ca\/wp-json\/wp\/v2\/pages"}],"about":[{"href":"https:\/\/www.hotelconventbegur.com\/ca\/wp-json\/wp\/v2\/types\/page"}],"author":[{"embeddable":true,"href":"https:\/\/www.hotelconventbegur.com\/ca\/wp-json\/wp\/v2\/users\/3"}],"replies":[{"embeddable":true,"href":"https:\/\/www.hotelconventbegur.com\/ca\/wp-json\/wp\/v2\/comments?post=11101"}],"version-history":[{"count":16,"href":"https:\/\/www.hotelconventbegur.com\/ca\/wp-json\/wp\/v2\/pages\/11101\/revisions"}],"predecessor-version":[{"id":11500,"href":"https:\/\/www.hotelconventbegur.com\/ca\/wp-json\/wp\/v2\/pages\/11101\/revisions\/11500"}],"wp:attachment":[{"href":"https:\/\/www.hotelconventbegur.com\/ca\/wp-json\/wp\/v2\/media?parent=11101"}],"curies":[{"name":"wp","href":"https:\/\/api.w.org\/{rel}","templated":true}]}}